{"id":2804,"date":"2021-08-27T11:32:05","date_gmt":"2021-08-27T11:32:05","guid":{"rendered":"https:\/\/sommet.centreest.ca\/?page_id=2804"},"modified":"2021-08-27T13:31:38","modified_gmt":"2021-08-27T13:31:38","slug":"nouvelles","status":"publish","type":"page","link":"https:\/\/sommet.centreest.ca\/en\/nouvelles\/","title":{"rendered":"News"},"content":{"rendered":"<div class=\"wpb-content-wrapper\"><p>[vc_row][vc_column]\t<!-- HTML CODE WILL GOES HERE - START -->\n\t<!-- News Events -->\n\t<div class=\"news-events pt_0 pb_0\">\n\t\t\t\t<!-- Row -->\n\t\t<div class=\"row\">\n\t\t\t\t\t\t\t<div class=\"col-md-6 col-lg-4\">\n\t\t\t\t\t<div class=\"post-box\">\n\t\t\t\t\t\t<div class=\"post-cover position-relative\">\n\t\t\t\t\t\t\t<div class=\"date text-white\">\n\t\t\t\t\t\t\t\t<div class=\"month\">Oct<\/div>\n\t\t\t\t\t\t\t\t<div class=\"day\">13<\/div>\n\t\t\t\t\t\t\t<\/div>\n\t\t\t\t\t\t\t<a href=\"https:\/\/sommet.centreest.ca\/en\/lecho-du-sommet-october-2022\/\">\n\t\t\t\t\t\t\t\t<img loading=\"lazy\" decoding=\"async\" width=\"384\" height=\"300\" src=\"https:\/\/sommet.centreest.ca\/wp-content\/uploads\/2021\/11\/image_infolette02-384x300.jpg\" class=\"attachment-centreestwp_384_300 size-centreestwp_384_300\" alt=\"\" \/>\t\t\t\t\t\t\t\t\n\t\t\t\t\t\t\t<\/a>\n\t\t\t\t\t\t<\/div>\n\t\t\t\t\t\t<h4 class=\"post-title\"><a href=\"https:\/\/sommet.centreest.ca\/en\/lecho-du-sommet-october-2022\/\">L&#8217;\u00c9cho du Sommet &#8211; October 2022<\/a><\/h4>\n\t\t\t\t\t\t<div class=\"post-content\">\n\t\t\t\t\t\t\t<p>PDF Version<\/p>\n\t\t\t\t\t\t<\/div>\n\t\t\t\t\t\t<a class=\"read-more\" href=\"https:\/\/sommet.centreest.ca\/en\/lecho-du-sommet-october-2022\/\" title=\"Lire la suite\">\n\t\t\t\t\t\t\tLire la suite\t\t\t\t\t\t<\/a>\n\t\t\t\t\t<\/div>\n\t\t\t\t<\/div>\n\t\t\t\t\t\t\t\t<div class=\"col-md-6 col-lg-4\">\n\t\t\t\t\t<div class=\"post-box\">\n\t\t\t\t\t\t<div class=\"post-cover position-relative\">\n\t\t\t\t\t\t\t<div class=\"date text-white\">\n\t\t\t\t\t\t\t\t<div class=\"month\">Sep<\/div>\n\t\t\t\t\t\t\t\t<div class=\"day\">13<\/div>\n\t\t\t\t\t\t\t<\/div>\n\t\t\t\t\t\t\t<a href=\"https:\/\/sommet.centreest.ca\/en\/lecho-du-sommet-september-2022\/\">\n\t\t\t\t\t\t\t\t<img loading=\"lazy\" decoding=\"async\" width=\"384\" height=\"300\" src=\"https:\/\/sommet.centreest.ca\/wp-content\/uploads\/2021\/11\/image_infolette02-384x300.jpg\" class=\"attachment-centreestwp_384_300 size-centreestwp_384_300\" alt=\"\" \/>\t\t\t\t\t\t\t\t\n\t\t\t\t\t\t\t<\/a>\n\t\t\t\t\t\t<\/div>\n\t\t\t\t\t\t<h4 class=\"post-title\"><a href=\"https:\/\/sommet.centreest.ca\/en\/lecho-du-sommet-september-2022\/\">L&#8217;\u00c9cho du Sommet &#8211; September 2022<\/a><\/h4>\n\t\t\t\t\t\t<div class=\"post-content\">\n\t\t\t\t\t\t\t<p>PDF Version<\/p>\n\t\t\t\t\t\t<\/div>\n\t\t\t\t\t\t<a class=\"read-more\" href=\"https:\/\/sommet.centreest.ca\/en\/lecho-du-sommet-september-2022\/\" title=\"Lire la suite\">\n\t\t\t\t\t\t\tLire la suite\t\t\t\t\t\t<\/a>\n\t\t\t\t\t<\/div>\n\t\t\t\t<\/div>\n\t\t\t\t\t\t\t\t<div class=\"col-md-6 col-lg-4\">\n\t\t\t\t\t<div class=\"post-box\">\n\t\t\t\t\t\t<div class=\"post-cover position-relative\">\n\t\t\t\t\t\t\t<div class=\"date text-white\">\n\t\t\t\t\t\t\t\t<div class=\"month\">Aug<\/div>\n\t\t\t\t\t\t\t\t<div class=\"day\">25<\/div>\n\t\t\t\t\t\t\t<\/div>\n\t\t\t\t\t\t\t<a href=\"https:\/\/sommet.centreest.ca\/en\/registration-2021-2022-is-now-open\/\">\n\t\t\t\t\t\t\t\t<img loading=\"lazy\" decoding=\"async\" width=\"384\" height=\"300\" src=\"https:\/\/sommet.centreest.ca\/wp-content\/uploads\/2021\/08\/Annonce-inscriptions-2021-2022-384x300.jpg\" class=\"attachment-centreestwp_384_300 size-centreestwp_384_300\" alt=\"\" \/>\t\t\t\t\t\t\t\t\n\t\t\t\t\t\t\t<\/a>\n\t\t\t\t\t\t<\/div>\n\t\t\t\t\t\t<h4 class=\"post-title\"><a href=\"https:\/\/sommet.centreest.ca\/en\/registration-2021-2022-is-now-open\/\">Registration 2021-2022 is now open!<\/a><\/h4>\n\t\t\t\t\t\t<div class=\"post-content\">\n\t\t\t\t\t\t\t<p>Registration form<\/p>\n<p>ADMISSIBILITY: Eligibility criteria for preschool to grade 12 students enrolled in Francophone schools is determined by the Education Act and with the spirit of.<\/p>\n\t\t\t\t\t\t<\/div>\n\t\t\t\t\t\t<a class=\"read-more\" href=\"https:\/\/sommet.centreest.ca\/en\/registration-2021-2022-is-now-open\/\" title=\"Lire la suite\">\n\t\t\t\t\t\t\tLire la suite\t\t\t\t\t\t<\/a>\n\t\t\t\t\t<\/div>\n\t\t\t\t<\/div>\n\t\t\t\t\t\t\t\t<div class=\"col-md-6 col-lg-4\">\n\t\t\t\t\t<div class=\"post-box\">\n\t\t\t\t\t\t<div class=\"post-cover position-relative\">\n\t\t\t\t\t\t\t<div class=\"date text-white\">\n\t\t\t\t\t\t\t\t<div class=\"month\">Aug<\/div>\n\t\t\t\t\t\t\t\t<div class=\"day\">25<\/div>\n\t\t\t\t\t\t\t<\/div>\n\t\t\t\t\t\t\t<a href=\"https:\/\/sommet.centreest.ca\/en\/envisioning-a-collaborative-response-model\/\">\n\t\t\t\t\t\t\t\t<img loading=\"lazy\" decoding=\"async\" width=\"384\" height=\"300\" src=\"https:\/\/sommet.centreest.ca\/wp-content\/uploads\/2021\/08\/modele23-384x300.jpg\" class=\"attachment-centreestwp_384_300 size-centreestwp_384_300\" alt=\"\" \/>\t\t\t\t\t\t\t\t\n\t\t\t\t\t\t\t<\/a>\n\t\t\t\t\t\t<\/div>\n\t\t\t\t\t\t<h4 class=\"post-title\"><a href=\"https:\/\/sommet.centreest.ca\/en\/envisioning-a-collaborative-response-model\/\">Envisioning A Collaborative Response Model<\/a><\/h4>\n\t\t\t\t\t\t<div class=\"post-content\">\n\t\t\t\t\t\t\t\t\t\t\t\t\t<\/div>\n\t\t\t\t\t\t<a class=\"read-more\" href=\"https:\/\/sommet.centreest.ca\/en\/envisioning-a-collaborative-response-model\/\" title=\"Lire la suite\">\n\t\t\t\t\t\t\tLire la suite\t\t\t\t\t\t<\/a>\n\t\t\t\t\t<\/div>\n\t\t\t\t<\/div>\n\t\t\t\t\t\t\t\t<div class=\"col-md-6 col-lg-4\">\n\t\t\t\t\t<div class=\"post-box\">\n\t\t\t\t\t\t<div class=\"post-cover position-relative\">\n\t\t\t\t\t\t\t<div class=\"date text-white\">\n\t\t\t\t\t\t\t\t<div class=\"month\">Aug<\/div>\n\t\t\t\t\t\t\t\t<div class=\"day\">25<\/div>\n\t\t\t\t\t\t\t<\/div>\n\t\t\t\t\t\t\t<a href=\"https:\/\/sommet.centreest.ca\/en\/volleyball-season-is-now-underway-go-glaciers\/\">\n\t\t\t\t\t\t\t\t<img loading=\"lazy\" decoding=\"async\" width=\"384\" height=\"300\" src=\"https:\/\/sommet.centreest.ca\/wp-content\/uploads\/2021\/08\/glacier2-384x300.jpg\" class=\"attachment-centreestwp_384_300 size-centreestwp_384_300\" alt=\"\" \/>\t\t\t\t\t\t\t\t\n\t\t\t\t\t\t\t<\/a>\n\t\t\t\t\t\t<\/div>\n\t\t\t\t\t\t<h4 class=\"post-title\"><a href=\"https:\/\/sommet.centreest.ca\/en\/volleyball-season-is-now-underway-go-glaciers\/\">Volleyball Season is now underway! Go Glaciers!<\/a><\/h4>\n\t\t\t\t\t\t<div class=\"post-content\">\n\t\t\t\t\t\t\t<p>Cette ann\u00e9e, nous avons deux \u00e9quipes de volleyball junior dans la ligue de SPAA. Les gar\u00e7ons et les filles r\u00e9ussissent bien malgr\u00e9 le fait que,.<\/p>\n\t\t\t\t\t\t<\/div>\n\t\t\t\t\t\t<a class=\"read-more\" href=\"https:\/\/sommet.centreest.ca\/en\/volleyball-season-is-now-underway-go-glaciers\/\" title=\"Lire la suite\">\n\t\t\t\t\t\t\tLire la suite\t\t\t\t\t\t<\/a>\n\t\t\t\t\t<\/div>\n\t\t\t\t<\/div>\n\t\t\t\t\t\t\t\t<div class=\"col-md-6 col-lg-4\">\n\t\t\t\t\t<div class=\"post-box\">\n\t\t\t\t\t\t<div class=\"post-cover position-relative\">\n\t\t\t\t\t\t\t<div class=\"date text-white\">\n\t\t\t\t\t\t\t\t<div class=\"month\">Aug<\/div>\n\t\t\t\t\t\t\t\t<div class=\"day\">25<\/div>\n\t\t\t\t\t\t\t<\/div>\n\t\t\t\t\t\t\t<a href=\"https:\/\/sommet.centreest.ca\/en\/a-visit-from-minister-david-eggen\/\">\n\t\t\t\t\t\t\t\t<img loading=\"lazy\" decoding=\"async\" width=\"384\" height=\"300\" src=\"https:\/\/sommet.centreest.ca\/wp-content\/uploads\/2021\/08\/IMG_4151-1-e1519691128416-384x300.jpg\" class=\"attachment-centreestwp_384_300 size-centreestwp_384_300\" alt=\"\" \/>\t\t\t\t\t\t\t\t\n\t\t\t\t\t\t\t<\/a>\n\t\t\t\t\t\t<\/div>\n\t\t\t\t\t\t<h4 class=\"post-title\"><a href=\"https:\/\/sommet.centreest.ca\/en\/a-visit-from-minister-david-eggen\/\">A visit from Minister David Eggen<\/a><\/h4>\n\t\t\t\t\t\t<div class=\"post-content\">\n\t\t\t\t\t\t\t<p>On February 22, we were proud to welcomed the Honourable Minister of Education, David Eggen.<\/p>\n<p>He was very impressed by the work and commitment of our.<\/p>\n\t\t\t\t\t\t<\/div>\n\t\t\t\t\t\t<a class=\"read-more\" href=\"https:\/\/sommet.centreest.ca\/en\/a-visit-from-minister-david-eggen\/\" title=\"Lire la suite\">\n\t\t\t\t\t\t\tLire la suite\t\t\t\t\t\t<\/a>\n\t\t\t\t\t<\/div>\n\t\t\t\t<\/div>\n\t\t\t\t\t\t\t\t<div class=\"col-md-6 col-lg-4\">\n\t\t\t\t\t<div class=\"post-box\">\n\t\t\t\t\t\t<div class=\"post-cover position-relative\">\n\t\t\t\t\t\t\t<div class=\"date text-white\">\n\t\t\t\t\t\t\t\t<div class=\"month\">Aug<\/div>\n\t\t\t\t\t\t\t\t<div class=\"day\">25<\/div>\n\t\t\t\t\t\t\t<\/div>\n\t\t\t\t\t\t\t<a href=\"https:\/\/sommet.centreest.ca\/en\/open-house-april-18\/\">\n\t\t\t\t\t\t\t\t<img loading=\"lazy\" decoding=\"async\" width=\"384\" height=\"300\" src=\"https:\/\/sommet.centreest.ca\/wp-content\/uploads\/2021\/08\/portes_ouvertes_sommet_ang-384x300.jpg\" class=\"attachment-centreestwp_384_300 size-centreestwp_384_300\" alt=\"\" \/>\t\t\t\t\t\t\t\t\n\t\t\t\t\t\t\t<\/a>\n\t\t\t\t\t\t<\/div>\n\t\t\t\t\t\t<h4 class=\"post-title\"><a href=\"https:\/\/sommet.centreest.ca\/en\/open-house-april-18\/\">Open house \u2013 April 18!<\/a><\/h4>\n\t\t\t\t\t\t<div class=\"post-content\">\n\t\t\t\t\t\t\t<p>Please stop by. Register your child for the next school year!<\/p>\n<p>View the\u00a0schedule\u00a0for Open House :\u00a0\u00a0https:\/\/sommet.centreest.ca\/en\/parents\/school-calendar\/<\/p>\n<p>&nbsp;<\/p>\n<p>***\u00a0Informational evening for Preschool and Kindergarten \u2013 from 6:30 p.m. to.<\/p>\n\t\t\t\t\t\t<\/div>\n\t\t\t\t\t\t<a class=\"read-more\" href=\"https:\/\/sommet.centreest.ca\/en\/open-house-april-18\/\" title=\"Lire la suite\">\n\t\t\t\t\t\t\tLire la suite\t\t\t\t\t\t<\/a>\n\t\t\t\t\t<\/div>\n\t\t\t\t<\/div>\n\t\t\t\t\t\t<\/div><!-- Row \/- -->\n\t\t\t<\/div><!-- News Events \/- -->\n\t<!-- HTML CODE WILL GOES HERE - END -->\n\t[\/vc_column][\/vc_row]<\/p>\n<\/div>","protected":false},"excerpt":{"rendered":"<p>[vc_row][vc_column][\/vc_column][\/vc_row]<\/p>\n","protected":false},"author":1,"featured_media":0,"parent":0,"menu_order":0,"comment_status":"closed","ping_status":"closed","template":"","meta":{"footnotes":""},"class_list":["post-2804","page","type-page","status-publish","hentry","has-post-thumbnail"],"_links":{"self":[{"href":"https:\/\/sommet.centreest.ca\/en\/wp-json\/wp\/v2\/pages\/2804","targetHints":{"allow":["GET"]}}],"collection":[{"href":"https:\/\/sommet.centreest.ca\/en\/wp-json\/wp\/v2\/pages"}],"about":[{"href":"https:\/\/sommet.centreest.ca\/en\/wp-json\/wp\/v2\/types\/page"}],"author":[{"embeddable":true,"href":"https:\/\/sommet.centreest.ca\/en\/wp-json\/wp\/v2\/users\/1"}],"replies":[{"embeddable":true,"href":"https:\/\/sommet.centreest.ca\/en\/wp-json\/wp\/v2\/comments?post=2804"}],"version-history":[{"count":0,"href":"https:\/\/sommet.centreest.ca\/en\/wp-json\/wp\/v2\/pages\/2804\/revisions"}],"wp:attachment":[{"href":"https:\/\/sommet.centreest.ca\/en\/wp-json\/wp\/v2\/media?parent=2804"}],"curies":[{"name":"wp","href":"https:\/\/api.w.org\/{rel}","templated":true}]}}